{"id":334,"date":"2023-01-05T22:08:09","date_gmt":"2023-01-05T22:08:09","guid":{"rendered":"https:\/\/www.lmb86.fr\/lycee\/?page_id=334"},"modified":"2023-06-30T20:29:05","modified_gmt":"2023-06-30T19:29:05","slug":"mdl","status":"publish","type":"page","link":"https:\/\/www.lmb86.fr\/lycee\/mdl\/","title":{"rendered":"MDL"},"content":{"rendered":"\n<p>La maison des lyc\u00e9ens dispose d&rsquo;une page Facebook : <a rel=\"noreferrer noopener\" href=\"https:\/\/www.facebook.com\/Maison-des-Lyc%C3%A9ens-MBerthelot-86-150452818393785\/\" target=\"_blank\">Page de la MDL<\/a><\/p>\n\n\n\n<p>ainsi qu&rsquo;un compte Instagram : \u200b<img decoding=\"async\" src=\"https:\/\/mon.lyceeconnecte.fr\/workspace\/document\/3a88d4a7-724f-450b-8e3d-67ac2a5920c9\" alt=\"\">\u00a0 \u200b<a rel=\"noreferrer noopener\" href=\"https:\/\/www.instagram.com\/mdlberthelot\/\" target=\"_blank\">Maison Des Lyceens Berthelot (@mdlberthelot) \u2022 Photos et vid\u00e9os Instagram<\/a><\/p>\n\n\n\n<p class=\"has-text-align-center\"><strong>La Maison des Lyc\u00e9ens est une association, loi 1901, g\u00e9r\u00e9e et anim\u00e9e par des \u00e9l\u00e8ves.<\/strong><\/p>\n\n\n\n<p class=\"has-text-align-center\">La direction se compose, d\u2019une pr\u00e9sidence, d\u2019un secr\u00e9tariat, d\u2019une tr\u00e9sorerie, assur\u00e9e par des \u00e9l\u00e8ves \u00e9lus par l\u2019ensemble des adh\u00e9rents.<\/p>\n\n\n\n<p class=\"has-text-align-center\">Son r\u00f4le est \u00e9ducatif, et il contribue \u00e0 l\u2019apprentissage de l\u2019autonomie et d\u00e9veloppe au sein des \u00e9l\u00e8ves le sens des responsabilit\u00e9s, l\u2019entraide, le partage et le travail d\u2019\u00e9quipe.<\/p>\n\n\n\n<p><strong>\u200b<\/strong><\/p>\n\n\n\n<p><strong>\u200b<\/strong><\/p>\n\n\n\n<p class=\"has-text-align-left\"><strong>&nbsp;&nbsp;<\/strong>\u200b<img decoding=\"async\" src=\"https:\/\/mon.lyceeconnecte.fr\/workspace\/document\/26b9ca35-25a0-4db9-a376-2bc162863d1a\" alt=\"\"><strong>&nbsp; &nbsp; &nbsp; L&rsquo;association propose l&rsquo;atelier-Radio&nbsp;<\/strong><\/p>\n\n\n\n<p class=\"has-text-align-center\">&nbsp; &nbsp;(\u00c9criture de chroniques, montages audio et diffusions sur la radio de Ch\u00e2tellerault, \u00ab&nbsp;Oz\u2019ondes\u00bb sur le 99.7<\/p>\n\n\n\n<p class=\"has-text-align-center\">Si tu souhaites devenir technicien radio ou chroniqueurs, Rejoins l\u2019\u00e9quipe des blablateurs&nbsp;!)<strong>\u200b<\/strong><\/p>\n\n\n\n<p><strong>\u200b<\/strong><\/p>\n\n\n\n<p class=\"has-text-align-center\">&nbsp; <a href=\"https:\/\/www.instagram.com\/radioberthelot\/\" target=\"_blank\" rel=\"noreferrer noopener\">&nbsp;Radio du lyc\u00e9e M.Berthelot 86 (@radioberthelot) \u2022 Photos et vid\u00e9os Instagram<\/a><\/p>\n\n\n\n<p>\u200b<\/p>\n\n\n\n<p class=\"has-text-align-center\"><strong>&nbsp;Pour tous renseignements compl\u00e9mentaires, vous pouvez nous joindre par mail \u00e0 l&rsquo;adresse suivante :<a href=\"mailto:\/\/mdlberthelot86@gmail.com\" target=\"_blank\" rel=\"noreferrer noopener\"> mdlberthelot86@gmail.com<\/a><\/strong>&nbsp;<\/p>\n\n\n\n<p><\/p>\n","protected":false},"excerpt":{"rendered":"<p>La maison des lyc\u00e9ens dispose d&rsquo;une page Facebook : Page de la MDL ainsi qu&rsquo;un compte Instagram : \u200b\u00a0 \u200bMaison Des Lyceens Berthelot (@mdlberthelot) \u2022 Photos et vid\u00e9os Instagram La Maison des Lyc\u00e9ens est une association, loi 1901, g\u00e9r\u00e9e et anim\u00e9e par des \u00e9l\u00e8ves. La direction se compose, d\u2019une pr\u00e9sidence, d\u2019un secr\u00e9tariat, d\u2019une tr\u00e9sorerie, assur\u00e9e [&hellip;]<\/p>\n","protected":false},"author":1,"featured_media":0,"parent":0,"menu_order":0,"comment_status":"closed","ping_status":"closed","template":"","meta":{"footnotes":""},"class_list":["post-334","page","type-page","status-publish","hentry"],"_links":{"self":[{"href":"https:\/\/www.lmb86.fr\/lycee\/wp-json\/wp\/v2\/pages\/334","targetHints":{"allow":["GET"]}}],"collection":[{"href":"https:\/\/www.lmb86.fr\/lycee\/wp-json\/wp\/v2\/pages"}],"about":[{"href":"https:\/\/www.lmb86.fr\/lycee\/wp-json\/wp\/v2\/types\/page"}],"author":[{"embeddable":true,"href":"https:\/\/www.lmb86.fr\/lycee\/wp-json\/wp\/v2\/users\/1"}],"replies":[{"embeddable":true,"href":"https:\/\/www.lmb86.fr\/lycee\/wp-json\/wp\/v2\/comments?post=334"}],"version-history":[{"count":10,"href":"https:\/\/www.lmb86.fr\/lycee\/wp-json\/wp\/v2\/pages\/334\/revisions"}],"predecessor-version":[{"id":1075,"href":"https:\/\/www.lmb86.fr\/lycee\/wp-json\/wp\/v2\/pages\/334\/revisions\/1075"}],"wp:attachment":[{"href":"https:\/\/www.lmb86.fr\/lycee\/wp-json\/wp\/v2\/media?parent=334"}],"curies":[{"name":"wp","href":"https:\/\/api.w.org\/{rel}","templated":true}]}}